{"id":12017,"date":"2017-11-28T09:09:11","date_gmt":"2017-11-28T01:09:11","guid":{"rendered":"http:\/\/www.lucie-guyard.com\/blog\/?page_id=12017"},"modified":"2017-11-28T09:09:11","modified_gmt":"2017-11-28T01:09:11","slug":"europe","status":"publish","type":"page","link":"http:\/\/www.lucie-guyard.com\/blog\/voyages\/europe\/","title":{"rendered":"EUROPE"},"content":{"rendered":"                <div class=\"loop-wrap loop-masonry-wrap loop-masonry-cards-wrap\">\n                    <div class=\"entries loop blog-entries loop-masonry loop-masonry-cards masonry-cards no-sidebar clearfix\">\n                        <div id=\"post-9449\" class=\"entry masonry-entry span4\">\n                            <div class=\"entry-content\">\n                                <div class=\"featured-media-wrap ts-fade-in  ts-featured-media-standard\"><div class=\"featured-photo  yes\"><a href=\"http:\/\/www.lucie-guyard.com\/blog\/voyage-au-pole-nord-en-photo\/\" class=\"featured-photo-link hover-color\"><img decoding=\"async\" src=\"http:\/\/www.lucie-guyard.com\/blog\/wp-content\/uploads\/2016\/06\/26-480x292.jpg\" alt=\"\" width=\"480\"\/><\/a><\/div>\n<\/div>  \n                                <div class=\"entry-content-inner\">\n                                    <div class=\"title-date\">\n                                        <div class=\"title-info\">                                    \n                                            <h4 class=\"title-h \"><a href=\"http:\/\/www.lucie-guyard.com\/blog\/voyage-au-pole-nord-en-photo\/\">Voyage au P\u00f4le Nord en photo<\/a><\/h4>\n                                                                                        <p class=\" smaller uppercase other\"><span class=\"meta-item meta-item-author\"><a href=\"http:\/\/www.lucie-guyard.com\/blog\/author\/laptiteluquiblog\/\">LaPtiteLu<\/a><\/span><span class=\"meta-item meta-item-date\">juin 20<\/span><\/p>\n                                                                                    <\/div>\n                                    <\/div>\n                                    <div class=\"post\">                                        \n                                        <p class=\"\">Je vous ai montr\u00e9 la version BD, voici maintenant quelques photos de ce voyage extraordinaire. Oui e&hellip;<\/p>\n                                    <\/div>\n                                                                        <div class=\"read-more mimic-smaller uppercase\"><p class=\" more-details\"><a href=\"http:\/\/www.lucie-guyard.com\/blog\/voyage-au-pole-nord-en-photo\/\">Read More<\/a><\/p><\/div>\n                                                                    <\/div>\n                            <\/div>\n                            <div class=\"card-butt\"><p>&nbsp;<\/p><\/div>\n                        <\/div>\n                        <div id=\"post-4908\" class=\"entry masonry-entry span4\">\n                            <div class=\"entry-content\">\n                                <div class=\"featured-media-wrap ts-fade-in  ts-featured-media-standard\"><div class=\"featured-photo  yes\"><a href=\"http:\/\/www.lucie-guyard.com\/blog\/prague-en-noir-et-blanc\/\" class=\"featured-photo-link hover-color\"><img decoding=\"async\" src=\"http:\/\/www.lucie-guyard.com\/blog\/wp-content\/uploads\/2013\/01\/pra-480x283.jpg\" alt=\"\" width=\"480\"\/><\/a><\/div>\n<\/div>  \n                                <div class=\"entry-content-inner\">\n                                    <div class=\"title-date\">\n                                        <div class=\"title-info\">                                    \n                                            <h4 class=\"title-h \"><a href=\"http:\/\/www.lucie-guyard.com\/blog\/prague-en-noir-et-blanc\/\">Prague en Noir et Blanc<\/a><\/h4>\n                                                                                        <p class=\" smaller uppercase other\"><span class=\"meta-item meta-item-author\"><a href=\"http:\/\/www.lucie-guyard.com\/blog\/author\/laptiteluquiblog\/\">LaPtiteLu<\/a><\/span><span class=\"meta-item meta-item-date\">janvier 24<\/span><\/p>\n                                                                                    <\/div>\n                                    <\/div>\n                                    <div class=\"post\">                                        \n                                        <p class=\"\">Entre 2 bi\u00e8res et un bretzel, nous sommes descendus un peu plus au sud \u00e0 Prague en r\u00e9publique Tch\u00e8qu&hellip;<\/p>\n                                    <\/div>\n                                                                        <div class=\"read-more mimic-smaller uppercase\"><p class=\" more-details\"><a href=\"http:\/\/www.lucie-guyard.com\/blog\/prague-en-noir-et-blanc\/\">Read More<\/a><\/p><\/div>\n                                                                    <\/div>\n                            <\/div>\n                            <div class=\"card-butt\"><p>&nbsp;<\/p><\/div>\n                        <\/div>\n                        <div id=\"post-4807\" class=\"entry masonry-entry span4\">\n                            <div class=\"entry-content\">\n                                <div class=\"featured-media-wrap ts-fade-in  ts-featured-media-standard\"><div class=\"featured-photo  yes\"><a href=\"http:\/\/www.lucie-guyard.com\/blog\/noel-la-neige-les-bretzels-lamour-et-tout-le-reste\/\" class=\"featured-photo-link hover-color\"><img decoding=\"async\" src=\"http:\/\/www.lucie-guyard.com\/blog\/wp-content\/uploads\/2013\/01\/141-480x306.jpg\" alt=\"\" width=\"480\"\/><\/a><\/div>\n<\/div>  \n                                <div class=\"entry-content-inner\">\n                                    <div class=\"title-date\">\n                                        <div class=\"title-info\">                                    \n                                            <h4 class=\"title-h \"><a href=\"http:\/\/www.lucie-guyard.com\/blog\/noel-la-neige-les-bretzels-lamour-et-tout-le-reste\/\">No\u00ebl, la neige, les bretzels, l&rsquo;amour et tout le reste.<\/a><\/h4>\n                                                                                        <p class=\" smaller uppercase other\"><span class=\"meta-item meta-item-author\"><a href=\"http:\/\/www.lucie-guyard.com\/blog\/author\/laptiteluquiblog\/\">LaPtiteLu<\/a><\/span><span class=\"meta-item meta-item-date\">janvier 15<\/span><\/p>\n                                                                                    <\/div>\n                                    <\/div>\n                                    <div class=\"post\">                                        \n                                        <p class=\"\">Apr\u00e9s une longue et difficile s\u00e9lection parmi des milliers de photos (oui des milliers), voici un to&hellip;<\/p>\n                                    <\/div>\n                                                                        <div class=\"read-more mimic-smaller uppercase\"><p class=\" more-details\"><a href=\"http:\/\/www.lucie-guyard.com\/blog\/noel-la-neige-les-bretzels-lamour-et-tout-le-reste\/\">Read More<\/a><\/p><\/div>\n                                                                    <\/div>\n                            <\/div>\n                            <div class=\"card-butt\"><p>&nbsp;<\/p><\/div>\n                        <\/div>\n                        <div id=\"post-4206\" class=\"entry masonry-entry span4\">\n                            <div class=\"entry-content\">\n                                <div class=\"featured-media-wrap ts-fade-in  ts-featured-media-standard\"><div class=\"featured-photo  yes\"><a href=\"http:\/\/www.lucie-guyard.com\/blog\/londres\/\" class=\"featured-photo-link hover-color\"><img decoding=\"async\" src=\"http:\/\/www.lucie-guyard.com\/blog\/wp-content\/uploads\/2012\/01\/DSC_04861-480x321.jpg\" alt=\"\" width=\"480\"\/><\/a><\/div>\n<\/div>  \n                                <div class=\"entry-content-inner\">\n                                    <div class=\"title-date\">\n                                        <div class=\"title-info\">                                    \n                                            <h4 class=\"title-h \"><a href=\"http:\/\/www.lucie-guyard.com\/blog\/londres\/\">2 jours \u00e0 Londres<\/a><\/h4>\n                                                                                        <p class=\" smaller uppercase other\"><span class=\"meta-item meta-item-author\"><a href=\"http:\/\/www.lucie-guyard.com\/blog\/author\/laptiteluquiblog\/\">LaPtiteLu<\/a><\/span><span class=\"meta-item meta-item-date\">janvier 23<\/span><\/p>\n                                                                                    <\/div>\n                                    <\/div>\n                                    <div class=\"post\">                                        \n                                        <p class=\"\">Nous avons profit\u00e9 de notre voyage en France pour nous offrir 2 petits jours en amoureux \u00e0 Londres.&hellip;<\/p>\n                                    <\/div>\n                                                                        <div class=\"read-more mimic-smaller uppercase\"><p class=\" more-details\"><a href=\"http:\/\/www.lucie-guyard.com\/blog\/londres\/\">Read More<\/a><\/p><\/div>\n                                                                    <\/div>\n                            <\/div>\n                            <div class=\"card-butt\"><p>&nbsp;<\/p><\/div>\n                        <\/div>\n                        <div id=\"post-2399\" class=\"entry masonry-entry span4\">\n                            <div class=\"entry-content\">\n                                <div class=\"entry-content-inner\">\n                                    <div class=\"title-date\">\n                                        <div class=\"title-info\">                                    \n                                            <h4 class=\"title-h \"><a href=\"http:\/\/www.lucie-guyard.com\/blog\/trois-jours-a-lile-de-re\/\">Trois jours \u00e0 l&rsquo;\u00eele de R\u00e9<\/a><\/h4>\n                                                                                        <p class=\" smaller uppercase other\"><span class=\"meta-item meta-item-author\"><a href=\"http:\/\/www.lucie-guyard.com\/blog\/author\/laptiteluquiblog\/\">LaPtiteLu<\/a><\/span><span class=\"meta-item meta-item-date\">juillet 27<\/span><\/p>\n                                                                                    <\/div>\n                                    <\/div>\n                                    <div class=\"post\">                                        \n                                        <p class=\"\">Petite pause r\u00e9thaise ce week end o\u00f9 j&rsquo;ai d\u00e9couvert cette belle \u00eele que je ne connaissais pas. La me&hellip;<\/p>\n                                    <\/div>\n                                                                        <div class=\"read-more mimic-smaller uppercase\"><p class=\" more-details\"><a href=\"http:\/\/www.lucie-guyard.com\/blog\/trois-jours-a-lile-de-re\/\">Read More<\/a><\/p><\/div>\n                                                                    <\/div>\n                            <\/div>\n                            <div class=\"card-butt\"><p>&nbsp;<\/p><\/div>\n                        <\/div>\n                        <div id=\"post-2328\" class=\"entry masonry-entry span4\">\n                            <div class=\"entry-content\">\n                                <div class=\"entry-content-inner\">\n                                    <div class=\"title-date\">\n                                        <div class=\"title-info\">                                    \n                                            <h4 class=\"title-h \"><a href=\"http:\/\/www.lucie-guyard.com\/blog\/week-end-au-soleil\/\">Week end au soleil<\/a><\/h4>\n                                                                                        <p class=\" smaller uppercase other\"><span class=\"meta-item meta-item-author\"><a href=\"http:\/\/www.lucie-guyard.com\/blog\/author\/laptiteluquiblog\/\">LaPtiteLu<\/a><\/span><span class=\"meta-item meta-item-date\">juillet 19<\/span><\/p>\n                                                                                    <\/div>\n                                    <\/div>\n                                    <div class=\"post\">                                        \n                                        <p class=\"\">Encore une escapade mais beaucoup moins loin cette fois : dans le sud, \u00e0 Marseille. Deux jours au so&hellip;<\/p>\n                                    <\/div>\n                                                                        <div class=\"read-more mimic-smaller uppercase\"><p class=\" more-details\"><a href=\"http:\/\/www.lucie-guyard.com\/blog\/week-end-au-soleil\/\">Read More<\/a><\/p><\/div>\n                                                                    <\/div>\n                            <\/div>\n                            <div class=\"card-butt\"><p>&nbsp;<\/p><\/div>\n                        <\/div>\n                    <\/div>\n                    <div class=\"divider-shortcode divider\"><\/div><div class=\"pagination-wrap\"><p class=\"pagination clearfix\"><span class=\"subtle-text-color\"><i class=\"fa fa-angle-double-left\"><\/i><\/span><span class=\"subtle-text-color\"><i class=\"fa fa-angle-left\"><\/i><\/span><a href=\"http:\/\/www.lucie-guyard.com\/blog\/wp-json\/wp\/v2\/pages\/12017\/\" class=\"active\"><strong>1<\/strong><\/a><a href=\"http:\/\/www.lucie-guyard.com\/blog\/wp-json\/wp\/v2\/pages\/12017\/page\/2\/\" class=\"\">2<\/a><a href=\"http:\/\/www.lucie-guyard.com\/blog\/wp-json\/wp\/v2\/pages\/12017\/page\/2\/\" ><i class=\"fa fa-angle-right\"><\/i><\/a><a href=\"http:\/\/www.lucie-guyard.com\/blog\/wp-json\/wp\/v2\/pages\/12017\/page\/2\/\"><i class=\"fa fa-angle-double-right\"><\/i><\/a><\/p><\/div>                <\/div>\n\n\n<!-- Facebook Like Button Vivacity Infotech BEGIN -->\n<div class=\"fb-like\" data-href=\"http:\/\/www.lucie-guyard.com\/blog\/voyages\/europe\/\" data-layout=\"standard\" data-action=\"like\" data-show-faces=\"false\" data-size=\"small\" data-width=\"450\" data-share=\"\" ><\/div>\n<!-- Facebook Like Button Vivacity Infotech END -->\n","protected":false},"excerpt":{"rendered":"","protected":false},"author":1,"featured_media":0,"parent":8044,"menu_order":2,"comment_status":"closed","ping_status":"closed","template":"","meta":{"footnotes":""},"class_list":["post-12017","page","type-page","status-publish","hentry"],"_links":{"self":[{"href":"http:\/\/www.lucie-guyard.com\/blog\/wp-json\/wp\/v2\/pages\/12017","targetHints":{"allow":["GET"]}}],"collection":[{"href":"http:\/\/www.lucie-guyard.com\/blog\/wp-json\/wp\/v2\/pages"}],"about":[{"href":"http:\/\/www.lucie-guyard.com\/blog\/wp-json\/wp\/v2\/types\/page"}],"author":[{"embeddable":true,"href":"http:\/\/www.lucie-guyard.com\/blog\/wp-json\/wp\/v2\/users\/1"}],"replies":[{"embeddable":true,"href":"http:\/\/www.lucie-guyard.com\/blog\/wp-json\/wp\/v2\/comments?post=12017"}],"version-history":[{"count":0,"href":"http:\/\/www.lucie-guyard.com\/blog\/wp-json\/wp\/v2\/pages\/12017\/revisions"}],"up":[{"embeddable":true,"href":"http:\/\/www.lucie-guyard.com\/blog\/wp-json\/wp\/v2\/pages\/8044"}],"wp:attachment":[{"href":"http:\/\/www.lucie-guyard.com\/blog\/wp-json\/wp\/v2\/media?parent=12017"}],"curies":[{"name":"wp","href":"https:\/\/api.w.org\/{rel}","templated":true}]}}